{"id":38,"date":"2019-06-26T19:54:15","date_gmt":"2019-06-26T18:54:15","guid":{"rendered":"https:\/\/elenacostelian.com\/?page_id=38"},"modified":"2023-01-27T12:11:36","modified_gmt":"2023-01-27T11:11:36","slug":"transit-01","status":"publish","type":"page","link":"https:\/\/elenacostelian.art\/en\/transit\/transit-01\/","title":{"rendered":"Transit \u2022 01"},"content":{"rendered":"<div tabindex=\"0\" class=\"cycloneslider cycloneslider-template-standard cycloneslider-width-responsive\" id=\"cycloneslider-transit-01-1\" style=\"max-width:960px\" > <div class=\"cycloneslider-slides cycle-slideshow\" data-cycle-allow-wrap=\"true\" data-cycle-dynamic-height=\"off\" data-cycle-auto-height=\"960:600\" data-cycle-auto-height-easing=\"null\" data-cycle-auto-height-speed=\"250\" data-cycle-delay=\"0\" data-cycle-easing=\"\" data-cycle-fx=\"fade\" data-cycle-hide-non-active=\"true\" data-cycle-log=\"false\" data-cycle-next=\"#cycloneslider-transit-01-1 .cycloneslider-next\" data-cycle-pager=\"#cycloneslider-transit-01-1 .cycloneslider-pager\" data-cycle-pause-on-hover=\"true\" data-cycle-prev=\"#cycloneslider-transit-01-1 .cycloneslider-prev\" data-cycle-slides=\"&gt; div\" data-cycle-speed=\"1000\" data-cycle-swipe=\"false\" data-cycle-tile-count=\"7\" data-cycle-tile-delay=\"100\" data-cycle-tile-vertical=\"true\" data-cycle-timeout=\"4000\" > <div class=\"cycloneslider-slide cycloneslider-slide-image\" > <img src=\"https:\/\/elenacostelian.art\/wp-content\/uploads\/2019\/10\/transit_figurefrontale.jpg\" alt=\"\" title=\"\" \/> <\/div> <div class=\"cycloneslider-slide cycloneslider-slide-image\" > <img src=\"https:\/\/elenacostelian.art\/wp-content\/uploads\/2019\/10\/transit_figurefrontale2.jpg\" alt=\"\" title=\"\" \/> <\/div> <div class=\"cycloneslider-slide cycloneslider-slide-image\" > <img src=\"https:\/\/elenacostelian.art\/wp-content\/uploads\/2019\/10\/transit_figurefrontale3-960x600.jpg\" alt=\"\" title=\"\" \/> <\/div> <\/div> <div class=\"cycloneslider-pager\"><\/div> <a href=\"#\" class=\"cycloneslider-prev\"> <span class=\"arrow\"><\/span> <\/a> <a href=\"#\" class=\"cycloneslider-next\"> <span class=\"arrow\"><\/span> <\/a> <\/div>\n\n\n\n<h2>La figure frontale<\/h2>\n\n\n\n<p>Le projet est \u00e9labor\u00e9 \u00e0 partir d\u2019un t\u00e9moignage personnel ramenant \u00e0 \nla surface mes souvenirs d\u2019enfant grandissant sous un r\u00e9gime \ntotalitaire. L\u2019enfant est \u00e9duqu\u00e9 \u00e0 avoir une conscience patriotique \nexacerb\u00e9e et se forge une identit\u00e9 nationale \u00e0 travers des \u00e9l\u00e9ments \nsymboliques forts comme l\u2019hymne national et les couleurs du drapeau. Ces\n souvenirs donnent naissance \u00e0 un texte compos\u00e9 de fragments de la vie \nquotidienne d\u2019une journ\u00e9e ordinaire sous le r\u00e9gime de Ceausescu. Ce \ntexte prend la forme d\u2019une performance artistique ayant comme cadre une \ninstallation. L\u2019espace de l\u2019installation est trait\u00e9 de fa\u00e7on onirique, \ntout comme peut l\u2019\u00eatre le processus de la r\u00e9miniscence auquel j\u2019ai eu \nrecours pour \u00e9crire le texte. I l s\u2019agit ici de la reproduction \npartielle d\u2019un appartement-type de la p\u00e9riode socialiste et d\u2019une salle \nde classe. Comment peut-on repr\u00e9senter un espace qu\u2019on garde en m\u00e9moire ?\n Quelle est la relation entre la perception de ce lieu \u00e0 travers le \nsouvenir et sa r\u00e9alit\u00e9 objective ? Cet espace th\u00e9\u00e2tralis\u00e9 est le reflet \ndu syst\u00e8me dans lequel j\u2019ai grandi, un r\u00e9gime qui n\u2019a cess\u00e9 de mettre en\n sc\u00e8ne l\u2019histoire de son pays et de ses citoyens. I ci se rejoue \nl\u2019Histoire.<\/p>\n\n\n\n<p><strong>La banque alimentaire.<\/strong> <em>Tous\n les jours 12h00 : le signal. Le pain arrive ! Tout le monde sort de son\n appartement, donn\u00e9 par l\u2019Etat, et se pr\u00e9cipite \u00e0 la banque alimentaire :\n \u00abla alimentara\u00bb. L\u00e0, m\u2019attendent la queue et les bousculades. Allez, en\n piste ! Je feinte en me faufilant entre une jambe, des coudes, tout \u00e7a \nen retenant ma respiration pour ne pas sentir les odeurs des vieilles \ngrosses et grasses qui, comme moi, veulent atteindre leur but : LE \nGUICHE T. J\u2019y suis ! Prem\u2019s ! Je pose ma carte de rationnement, sur le \nguichet, qui est aussit\u00f4t tamponn\u00e9e par la vendeuse. Je lui donne les 5 \nlei et l\u00e0 j\u2019obtiens ma ration de pain noir. C\u2019est mon pain pr\u00e9f\u00e9r\u00e9. O n \nm\u2019en donnerait un autre tout blanc que je n\u2019y toucherais m\u00eame pas des \nyeux ! \u00abTu as re\u00e7u le pain quotidien de la m\u00e8re Patrie et n\u2019oublie \njamais que c\u2019est elle qui te nourrit.\u00bb Tanti Tia me dit toujours \u00abFie \npiinea cit de rea tot mai bine in tara ta\u00bb nu e asa? Asa ie<\/em>.<\/p>\n","protected":false},"excerpt":{"rendered":"<p>La figure frontale Le projet est \u00e9labor\u00e9 \u00e0 partir d\u2019un t\u00e9moignage personnel ramenant \u00e0 la surface mes souvenirs d\u2019enfant grandissant sous un r\u00e9gime totalitaire. L\u2019enfant est \u00e9duqu\u00e9 \u00e0 avoir une conscience patriotique exacerb\u00e9e et se &#8230;<\/p>\n","protected":false},"author":1,"featured_media":0,"parent":36,"menu_order":0,"comment_status":"closed","ping_status":"closed","template":"","meta":[],"aioseo_notices":[],"_links":{"self":[{"href":"https:\/\/elenacostelian.art\/en\/wp-json\/wp\/v2\/pages\/38"}],"collection":[{"href":"https:\/\/elenacostelian.art\/en\/wp-json\/wp\/v2\/pages"}],"about":[{"href":"https:\/\/elenacostelian.art\/en\/wp-json\/wp\/v2\/types\/page"}],"author":[{"embeddable":true,"href":"https:\/\/elenacostelian.art\/en\/wp-json\/wp\/v2\/users\/1"}],"replies":[{"embeddable":true,"href":"https:\/\/elenacostelian.art\/en\/wp-json\/wp\/v2\/comments?post=38"}],"version-history":[{"count":7,"href":"https:\/\/elenacostelian.art\/en\/wp-json\/wp\/v2\/pages\/38\/revisions"}],"predecessor-version":[{"id":667,"href":"https:\/\/elenacostelian.art\/en\/wp-json\/wp\/v2\/pages\/38\/revisions\/667"}],"up":[{"embeddable":true,"href":"https:\/\/elenacostelian.art\/en\/wp-json\/wp\/v2\/pages\/36"}],"wp:attachment":[{"href":"https:\/\/elenacostelian.art\/en\/wp-json\/wp\/v2\/media?parent=38"}],"curies":[{"name":"wp","href":"https:\/\/api.w.org\/{rel}","templated":true}]}}