{"id":40,"date":"2019-06-26T19:56:40","date_gmt":"2019-06-26T18:56:40","guid":{"rendered":"https:\/\/elenacostelian.com\/?page_id=40"},"modified":"2023-01-27T12:20:40","modified_gmt":"2023-01-27T11:20:40","slug":"transit-04","status":"publish","type":"page","link":"https:\/\/elenacostelian.art\/en\/transit\/transit-04\/","title":{"rendered":"Transit \u2022 02"},"content":{"rendered":"<div tabindex=\"0\" class=\"cycloneslider cycloneslider-template-standard cycloneslider-width-responsive\" id=\"cycloneslider-transit-2-1\" style=\"max-width:960px\" > <div class=\"cycloneslider-slides cycle-slideshow\" data-cycle-allow-wrap=\"true\" data-cycle-dynamic-height=\"off\" data-cycle-auto-height=\"960:600\" data-cycle-auto-height-easing=\"null\" data-cycle-auto-height-speed=\"250\" data-cycle-delay=\"0\" data-cycle-easing=\"\" data-cycle-fx=\"fade\" data-cycle-hide-non-active=\"true\" data-cycle-log=\"false\" data-cycle-next=\"#cycloneslider-transit-2-1 .cycloneslider-next\" data-cycle-pager=\"#cycloneslider-transit-2-1 .cycloneslider-pager\" data-cycle-pause-on-hover=\"true\" data-cycle-prev=\"#cycloneslider-transit-2-1 .cycloneslider-prev\" data-cycle-slides=\"&gt; div\" data-cycle-speed=\"1000\" data-cycle-swipe=\"false\" data-cycle-tile-count=\"7\" data-cycle-tile-delay=\"100\" data-cycle-tile-vertical=\"true\" data-cycle-timeout=\"4000\" > <div class=\"cycloneslider-slide cycloneslider-slide-image\" > <img src=\"https:\/\/elenacostelian.art\/wp-content\/uploads\/2019\/10\/transit2-960x600.jpg\" alt=\"Les spectateurs ont la possibilit\u00e9 de s\u2019assoir \u00e0 place des juges ou rester \u00e0 l\u2019ext\u00e9rieur de l\u2019installation.\" title=\"\" \/> <\/div> <div class=\"cycloneslider-slide cycloneslider-slide-image\" > <img src=\"https:\/\/elenacostelian.art\/wp-content\/uploads\/2019\/10\/transitleprocs4.jpg\" alt=\"Retransmission du proc\u00e8s diffus\u00e9 sur TF1 le 22 avril 1990.\" title=\"\" \/> <\/div> <div class=\"cycloneslider-slide cycloneslider-slide-image\" > <img src=\"https:\/\/elenacostelian.art\/wp-content\/uploads\/2019\/10\/transit_leproces4.jpg\" alt=\"Cadrage sur le couple Ceausescu.\" title=\"\" \/> <\/div> <\/div> <div class=\"cycloneslider-pager\"><\/div> <a href=\"#\" class=\"cycloneslider-prev\"> <span class=\"arrow\"><\/span> <\/a> <a href=\"#\" class=\"cycloneslider-next\"> <span class=\"arrow\"><\/span> <\/a> <\/div>\n\n\n\n<h2>Le proc\u00e8s<\/h2>\n\n\n\n<p>La r\u00e9volution roumaine de 1989 fut la premi\u00e8re r\u00e9volution \nt\u00e9l\u00e9diffus\u00e9e de l\u2019histoire ; le point culminant \u00e9tant le proc\u00e8s du \ndictateur Ceausescu et de sa femme qui s\u2019acheva par leur ex\u00e9cution \nsommaire le 25 d\u00e9cembre 1989. Le projet interroge notre rapport \u00e0 la \nm\u00e9moire de l\u2019image issue de l\u2019information t\u00e9l\u00e9visuelle, en prenant comme\n point de d\u00e9part la diffusion du proc\u00e8s du dictateur Nicolae Ceausescu \net de sa femme sur Tf1 le 22 avril 1990 \u00e0 22h30.<br>\nL\u2019installation est la reconstitution, \u00e0 l\u2019\u00e9chelle 1, de l\u2019espace o\u00f9 \ns\u2019est d\u00e9roul\u00e9 le proc\u00e8s \u00e0 partir du dessin de Bruno Carpentier publi\u00e9 \ndans Lib\u00e9ration, le 28 avril 1990. Le dessin prend comme point de d\u00e9part\n les images du proc\u00e8s et montre la configuration de l\u2019assembl\u00e9e qui \njugea les Ceausescu. On imagine alors une salle de tribunal, mais cette \nreconstitution, \u00e0 l\u2019\u00e9chelle 1, r\u00e9v\u00e8le un espace exigu (une pi\u00e8ce de \n5mx4m) o\u00f9 s\u2019entassent, les uns contre les autres, les acteurs de ce \nproc\u00e8s (juges, avocats, greffier..). L\u2019espace nous donne de pr\u00e9cieuses \nindications quant \u00e0 la nature de ce proc\u00e8s.<br>\nLe proc\u00e8s a \u00e9t\u00e9 film\u00e9 par un cam\u00e9raman amateur, cam\u00e9ra \u00e0 l\u2019\u00e9paule, qui \nsans doute ex\u00e9cutait les directives de cadrages donn\u00e9es par les \norchestrateurs de cette immense \u00abfarce\u00bb. Le cadrage est essentiellement \ndirig\u00e9 sur le couple Ceausescu avec des plans tr\u00e8s serr\u00e9s et il y a tr\u00e8s\n peu de prises de vue du reste de l\u2019assembl\u00e9e.<br>\nLe parti pris de l\u2019installation est d\u2019encadrer les portes et fen\u00eatres, \ntous ces points de vue donnant sur l\u2019ext\u00e9rieur du lieu, permettant au \nspectateur de pratiquer un autre type de cadrage : le hors-champ, \nc\u2019est-\u00e0-dire ce qui est en dehors de ce qui est donn\u00e9 \u00e0 voir.<br>\nL\u2019installation est \u00e9labor\u00e9e \u00e0 la mani\u00e8re d\u2019un d\u00e9cor de cin\u00e9ma \u00e0 l\u2019image \nde cette mise en sc\u00e8ne organis\u00e9e par ceux qui ont initi\u00e9 le proc\u00e8s. Ici \nles spectateurs deviennent les protagonistes de l\u2019Histoire en ayant la \npossibilit\u00e9 de s\u2019asseoir \u00e0 la place des juges. L\u2019information visuelle et\n journalistique est-elle garante de l\u2019Histoire ?<br>\nUne t\u00e9l\u00e9vision diffuse des fragments du proc\u00e8s. Elle est situ\u00e9e \u00e0 \nl\u2019emplacement du couple Ceausescu. Ce n\u2019est que par cette disposition \nque les spectateurs peuvent r\u00e9aliser qu\u2019ils sont dans une version \nreconstitu\u00e9e de l\u2019image diffus\u00e9e \u00e0 la t\u00e9l\u00e9vision. Dans cette mise en \nab\u00eeme de l\u2019espace, on assiste aussi \u00e0 la diffusion en voix off d\u2019une \ninterview du Colonel Boeru qui a organis\u00e9 l\u2019ex\u00e9cution des Ceausescu.<br>\n<\/p>\n","protected":false},"excerpt":{"rendered":"<p>Le proc\u00e8s La r\u00e9volution roumaine de 1989 fut la premi\u00e8re r\u00e9volution t\u00e9l\u00e9diffus\u00e9e de l\u2019histoire ; le point culminant \u00e9tant le proc\u00e8s du dictateur Ceausescu et de sa femme qui s\u2019acheva par leur ex\u00e9cution sommaire le &#8230;<\/p>\n","protected":false},"author":1,"featured_media":0,"parent":36,"menu_order":0,"comment_status":"closed","ping_status":"closed","template":"","meta":[],"aioseo_notices":[],"_links":{"self":[{"href":"https:\/\/elenacostelian.art\/en\/wp-json\/wp\/v2\/pages\/40"}],"collection":[{"href":"https:\/\/elenacostelian.art\/en\/wp-json\/wp\/v2\/pages"}],"about":[{"href":"https:\/\/elenacostelian.art\/en\/wp-json\/wp\/v2\/types\/page"}],"author":[{"embeddable":true,"href":"https:\/\/elenacostelian.art\/en\/wp-json\/wp\/v2\/users\/1"}],"replies":[{"embeddable":true,"href":"https:\/\/elenacostelian.art\/en\/wp-json\/wp\/v2\/comments?post=40"}],"version-history":[{"count":6,"href":"https:\/\/elenacostelian.art\/en\/wp-json\/wp\/v2\/pages\/40\/revisions"}],"predecessor-version":[{"id":671,"href":"https:\/\/elenacostelian.art\/en\/wp-json\/wp\/v2\/pages\/40\/revisions\/671"}],"up":[{"embeddable":true,"href":"https:\/\/elenacostelian.art\/en\/wp-json\/wp\/v2\/pages\/36"}],"wp:attachment":[{"href":"https:\/\/elenacostelian.art\/en\/wp-json\/wp\/v2\/media?parent=40"}],"curies":[{"name":"wp","href":"https:\/\/api.w.org\/{rel}","templated":true}]}}