{"id":42,"date":"2019-06-26T19:56:40","date_gmt":"2019-06-26T18:56:40","guid":{"rendered":"https:\/\/elenacostelian.com\/?page_id=42"},"modified":"2023-01-27T12:22:45","modified_gmt":"2023-01-27T11:22:45","slug":"transit-03","status":"publish","type":"page","link":"https:\/\/elenacostelian.art\/en\/transit\/transit-03\/","title":{"rendered":"Transit \u2022 03"},"content":{"rendered":"<div tabindex=\"0\" class=\"cycloneslider cycloneslider-template-standard cycloneslider-width-responsive\" id=\"cycloneslider-transit-03-1\" style=\"max-width:960px\" > <div class=\"cycloneslider-slides cycle-slideshow\" data-cycle-allow-wrap=\"true\" data-cycle-dynamic-height=\"off\" data-cycle-auto-height=\"960:600\" data-cycle-auto-height-easing=\"null\" data-cycle-auto-height-speed=\"250\" data-cycle-delay=\"0\" data-cycle-easing=\"\" data-cycle-fx=\"fade\" data-cycle-hide-non-active=\"true\" data-cycle-log=\"false\" data-cycle-next=\"#cycloneslider-transit-03-1 .cycloneslider-next\" data-cycle-pager=\"#cycloneslider-transit-03-1 .cycloneslider-pager\" data-cycle-pause-on-hover=\"true\" data-cycle-prev=\"#cycloneslider-transit-03-1 .cycloneslider-prev\" data-cycle-slides=\"&gt; div\" data-cycle-speed=\"1000\" data-cycle-swipe=\"false\" data-cycle-tile-count=\"7\" data-cycle-tile-delay=\"100\" data-cycle-tile-vertical=\"true\" data-cycle-timeout=\"4000\" > <div class=\"cycloneslider-slide cycloneslider-slide-image\" > <img src=\"https:\/\/elenacostelian.art\/wp-content\/uploads\/2019\/10\/T04-1-960x600.jpg\" alt=\"Installation\/exposition r\u00e9alis\u00e9e en 2009 dans l\u2019espace d\u2019exposition du Th\u00e9\u00e2tre Le Maillon, Strasbourg\" title=\"\" \/> <\/div> <div class=\"cycloneslider-slide cycloneslider-slide-image\" > <img src=\"https:\/\/elenacostelian.art\/wp-content\/uploads\/2019\/10\/T04-2-960x600.jpg\" alt=\"Installation\/exposition r\u00e9alis\u00e9e en 2009 dans l\u2019espace d\u2019exposition du Th\u00e9\u00e2tre Le Maillon, Strasbourg\" title=\"\" \/> <\/div> <\/div> <div class=\"cycloneslider-pager\"><\/div> <a href=\"#\" class=\"cycloneslider-prev\"> <span class=\"arrow\"><\/span> <\/a> <a href=\"#\" class=\"cycloneslider-next\"> <span class=\"arrow\"><\/span> <\/a> <\/div>\n\n\n\n<h2>Journal mural<\/h2>\n\n\n\n<p>\u00c0 l\u2019image des dazibaos de Chine, Gazeta de perete (journal mural en \nroumain) est une source d\u2019information citoyenne, expos\u00e9e au regard des \npassants qui choisissent de la lire ou pas. \u00e9l\u00e9ment de propagande et de \nd\u00e9lation plus que r\u00e9elle information, Gazeta de Perete prend une \ntournure contre-r\u00e9volutionnaire dans l\u2019installation. Des vrais-faux \njournaux d\u2019actualit\u00e9s r\u00e9alis\u00e9s \u00e0 partir des dessin de presse de Bruno \nCarpentier, lors des \u00e9v\u00e9nements de 1989, r\u00e9v\u00e8lent les d\u00e9tails \ninsoup\u00e7onn\u00e9s d\u2019une r\u00e9volution choc, qui changea \u00e0 jamais le visage de \nl\u2019Europe.<br>\n<br><br><\/p>\n","protected":false},"excerpt":{"rendered":"<p>Journal mural \u00c0 l\u2019image des dazibaos de Chine, Gazeta de perete (journal mural en roumain) est une source d\u2019information citoyenne, expos\u00e9e au regard des passants qui choisissent de la lire ou pas. \u00e9l\u00e9ment de propagande &#8230;<\/p>\n","protected":false},"author":1,"featured_media":0,"parent":36,"menu_order":0,"comment_status":"closed","ping_status":"closed","template":"","meta":[],"aioseo_notices":[],"_links":{"self":[{"href":"https:\/\/elenacostelian.art\/en\/wp-json\/wp\/v2\/pages\/42"}],"collection":[{"href":"https:\/\/elenacostelian.art\/en\/wp-json\/wp\/v2\/pages"}],"about":[{"href":"https:\/\/elenacostelian.art\/en\/wp-json\/wp\/v2\/types\/page"}],"author":[{"embeddable":true,"href":"https:\/\/elenacostelian.art\/en\/wp-json\/wp\/v2\/users\/1"}],"replies":[{"embeddable":true,"href":"https:\/\/elenacostelian.art\/en\/wp-json\/wp\/v2\/comments?post=42"}],"version-history":[{"count":4,"href":"https:\/\/elenacostelian.art\/en\/wp-json\/wp\/v2\/pages\/42\/revisions"}],"predecessor-version":[{"id":673,"href":"https:\/\/elenacostelian.art\/en\/wp-json\/wp\/v2\/pages\/42\/revisions\/673"}],"up":[{"embeddable":true,"href":"https:\/\/elenacostelian.art\/en\/wp-json\/wp\/v2\/pages\/36"}],"wp:attachment":[{"href":"https:\/\/elenacostelian.art\/en\/wp-json\/wp\/v2\/media?parent=42"}],"curies":[{"name":"wp","href":"https:\/\/api.w.org\/{rel}","templated":true}]}}